{"id":199,"date":"2018-11-25T15:52:57","date_gmt":"2018-11-25T15:52:57","guid":{"rendered":"http:\/\/vsgrossenzersdorf.ac.at\/?page_id=199"},"modified":"2025-11-25T19:05:23","modified_gmt":"2025-11-25T19:05:23","slug":"team","status":"publish","type":"page","link":"https:\/\/vsgrossenzersdorf.ac.at\/?page_id=199","title":{"rendered":"Unser Team"},"content":{"rendered":"<h4 style=\"text-align: left;\"><span style=\"color: #99cc00; font-family: 'trebuchet ms', geneva, sans-serif;\">Was unser Team besonders macht<\/span><\/h4>\n<p><span style=\"font-family: 'trebuchet ms', geneva, sans-serif; font-size: 12pt;\">Unser Freizeitteam zeichnet sich durch viele Merkmale aus:<\/span><\/p>\n<ul style=\"list-style-type: circle;\">\n<li><span style=\"font-family: 'trebuchet ms', geneva, sans-serif; font-size: 12pt;\">Kreativit\u00e4t und Flexibilit\u00e4t<\/span><\/li>\n<li><span style=\"font-family: 'trebuchet ms', geneva, sans-serif; font-size: 12pt;\">Empathie und Einf\u00fchlungsverm\u00f6gen<\/span><\/li>\n<li><span style=\"font-family: 'trebuchet ms', geneva, sans-serif; font-size: 12pt;\">Spontaneit\u00e4t<\/span><\/li>\n<li><span style=\"font-family: 'trebuchet ms', geneva, sans-serif; font-size: 12pt;\">Teamgeist und Zusammenarbeit<\/span><\/li>\n<li><span style=\"font-family: 'trebuchet ms', geneva, sans-serif; font-size: 12pt;\">Vielf\u00e4ltige Kompetenzen: Jeder von uns bringt einzigartige F\u00e4higkeiten und Erfahrungen in das Team ein, was f\u00fcr eine bereichernde und facettenreiche Herangehensweise an Freizeitaktivit\u00e4ten sorgt.<\/span><\/li>\n<li><span style=\"font-family: 'trebuchet ms', geneva, sans-serif; font-size: 12pt;\">F\u00f6rderung von Gemeinschaft und Inklusion: Wir sorgen daf\u00fcr, dass sich jeder willkommen und wertgesch\u00e4tzt f\u00fchlt, was zu einer offenen und integrativen Gemeinschaft f\u00fchrt.<\/span><\/li>\n<\/ul>\n<h4 style=\"text-align: center;\"><img loading=\"lazy\" decoding=\"async\" class=\"size-medium wp-image-2792 alignleft\" src=\"https:\/\/vsgrossenzersdorf.ac.at\/wp-content\/uploads\/2025\/01\/14-2-200x300.jpg\" alt=\"\" width=\"200\" height=\"300\" srcset=\"https:\/\/vsgrossenzersdorf.ac.at\/wp-content\/uploads\/2025\/01\/14-2-200x300.jpg 200w, https:\/\/vsgrossenzersdorf.ac.at\/wp-content\/uploads\/2025\/01\/14-2-40x60.jpg 40w, https:\/\/vsgrossenzersdorf.ac.at\/wp-content\/uploads\/2025\/01\/14-2.jpg 511w\" sizes=\"auto, (max-width: 200px) 100vw, 200px\" \/><\/h4>\n<div id=\"cc-m-10088714312\" class=\"j-module n j-text \">\n<p><span style=\"font-family: 'trebuchet ms', geneva, sans-serif;\"><strong>P\u00e4dagogische und administrative Leitung<\/strong><\/span><\/p>\n<p><span style=\"font-family: 'trebuchet ms', geneva, sans-serif;\"><strong>der s<\/strong><strong>chulischen Tagesbetreuung, sowie Ferienbetreuung:<\/strong><\/span><\/p>\n<p><span style=\"font-family: 'trebuchet ms', geneva, sans-serif;\"><strong>VD Petra\u00a0H.-Hegendorfer<\/strong><\/span><\/p>\n<p><span style=\"font-family: 'trebuchet ms', geneva, sans-serif;\">02249 258511<\/span><\/p>\n<p><span style=\"font-family: 'trebuchet ms', geneva, sans-serif;\"><a href=\"mailto:vs.gross-enzersdorf@noeschule.at\">vs.gross-enzersdorf@noeschule.at<\/a><\/span><\/p>\n<p><span style=\"font-family: 'trebuchet ms', geneva, sans-serif;\"><a href=\"mailto:tb.gross-enzersdorf@gross-enzersdorf.gv.at\" target=\"_blank\" rel=\"noopener\">tb.gross-enzersdorf@gross-enzersdorf.gv.at<\/a><\/span><\/p>\n<p><span style=\"font-size: 12pt; font-family: 'trebuchet ms', geneva, sans-serif;\"><strong>P\u00e4dagogische und administrative Leitung <\/strong><strong>Stellvertreterin:\u00a0<\/strong>Prof. Isabella Uher, BEd.<\/span><\/p>\n<\/div>\n<p>&nbsp;<\/p>\n<div id=\"cc-m-10088714312\" class=\"j-module n j-text \">\n<div id='gallery-1' class='gallery galleryid-199 gallery-columns-3 gallery-size-medium'><figure class='gallery-item'>\r\n    \t\t<div class='gallery-icon portrait'>\r\n    \t\t\t<a href='https:\/\/vsgrossenzersdorf.ac.at\/?attachment_id=2826'><img loading=\"lazy\" decoding=\"async\" width=\"200\" height=\"300\" src=\"https:\/\/vsgrossenzersdorf.ac.at\/wp-content\/uploads\/2025\/01\/25-200x300.jpg\" class=\"attachment-medium size-medium\" alt=\"\" aria-describedby=\"gallery-1-2826\" srcset=\"https:\/\/vsgrossenzersdorf.ac.at\/wp-content\/uploads\/2025\/01\/25-200x300.jpg 200w, https:\/\/vsgrossenzersdorf.ac.at\/wp-content\/uploads\/2025\/01\/25-40x60.jpg 40w, https:\/\/vsgrossenzersdorf.ac.at\/wp-content\/uploads\/2025\/01\/25.jpg 511w\" sizes=\"auto, (max-width: 200px) 100vw, 200px\" \/><\/a>\r\n    \t\t<\/div>\r\n    \t\t\t<figcaption class='wp-caption-text gallery-caption' id='gallery-1-2826'>\r\n    \t\t\tManuela Temimi, Krokogruppe\r\n    \t\t\t<\/figcaption><\/figure><figure class='gallery-item'>\r\n    \t\t<div class='gallery-icon portrait'>\r\n    \t\t\t<a href='https:\/\/vsgrossenzersdorf.ac.at\/?attachment_id=2976'><img loading=\"lazy\" decoding=\"async\" width=\"200\" height=\"300\" src=\"https:\/\/vsgrossenzersdorf.ac.at\/wp-content\/uploads\/2025\/11\/28480414-200x300.jpg\" class=\"attachment-medium size-medium\" alt=\"\" aria-describedby=\"gallery-1-2976\" srcset=\"https:\/\/vsgrossenzersdorf.ac.at\/wp-content\/uploads\/2025\/11\/28480414-200x300.jpg 200w, https:\/\/vsgrossenzersdorf.ac.at\/wp-content\/uploads\/2025\/11\/28480414-683x1024.jpg 683w, https:\/\/vsgrossenzersdorf.ac.at\/wp-content\/uploads\/2025\/11\/28480414-768x1152.jpg 768w, https:\/\/vsgrossenzersdorf.ac.at\/wp-content\/uploads\/2025\/11\/28480414-1024x1536.jpg 1024w, https:\/\/vsgrossenzersdorf.ac.at\/wp-content\/uploads\/2025\/11\/28480414-1365x2048.jpg 1365w, https:\/\/vsgrossenzersdorf.ac.at\/wp-content\/uploads\/2025\/11\/28480414-40x60.jpg 40w, https:\/\/vsgrossenzersdorf.ac.at\/wp-content\/uploads\/2025\/11\/28480414-scaled.jpg 1707w\" sizes=\"auto, (max-width: 200px) 100vw, 200px\" \/><\/a>\r\n    \t\t<\/div>\r\n    \t\t\t<figcaption class='wp-caption-text gallery-caption' id='gallery-1-2976'>\r\n    \t\t\tMag. Izabella Tarnawska, Igelgruppe\r\n    \t\t\t<\/figcaption><\/figure><figure class='gallery-item'>\r\n    \t\t<div class='gallery-icon portrait'>\r\n    \t\t\t<a href='https:\/\/vsgrossenzersdorf.ac.at\/?attachment_id=2971'><img loading=\"lazy\" decoding=\"async\" width=\"200\" height=\"300\" src=\"https:\/\/vsgrossenzersdorf.ac.at\/wp-content\/uploads\/2025\/11\/28480405-200x300.jpg\" class=\"attachment-medium size-medium\" alt=\"\" aria-describedby=\"gallery-1-2971\" srcset=\"https:\/\/vsgrossenzersdorf.ac.at\/wp-content\/uploads\/2025\/11\/28480405-200x300.jpg 200w, https:\/\/vsgrossenzersdorf.ac.at\/wp-content\/uploads\/2025\/11\/28480405-683x1024.jpg 683w, https:\/\/vsgrossenzersdorf.ac.at\/wp-content\/uploads\/2025\/11\/28480405-768x1152.jpg 768w, https:\/\/vsgrossenzersdorf.ac.at\/wp-content\/uploads\/2025\/11\/28480405-1024x1536.jpg 1024w, https:\/\/vsgrossenzersdorf.ac.at\/wp-content\/uploads\/2025\/11\/28480405-1365x2048.jpg 1365w, https:\/\/vsgrossenzersdorf.ac.at\/wp-content\/uploads\/2025\/11\/28480405-40x60.jpg 40w, https:\/\/vsgrossenzersdorf.ac.at\/wp-content\/uploads\/2025\/11\/28480405-scaled.jpg 1707w\" sizes=\"auto, (max-width: 200px) 100vw, 200px\" \/><\/a>\r\n    \t\t<\/div>\r\n    \t\t\t<figcaption class='wp-caption-text gallery-caption' id='gallery-1-2971'>\r\n    \t\t\tIng. Andrea Nagy, W\u00f6lfegruppe\r\n    \t\t\t<\/figcaption><\/figure><figure class='gallery-item'>\r\n    \t\t<div class='gallery-icon portrait'>\r\n    \t\t\t<a href='https:\/\/vsgrossenzersdorf.ac.at\/?attachment_id=2820'><img loading=\"lazy\" decoding=\"async\" width=\"200\" height=\"300\" src=\"https:\/\/vsgrossenzersdorf.ac.at\/wp-content\/uploads\/2025\/01\/19-200x300.jpg\" class=\"attachment-medium size-medium\" alt=\"\" aria-describedby=\"gallery-1-2820\" srcset=\"https:\/\/vsgrossenzersdorf.ac.at\/wp-content\/uploads\/2025\/01\/19-200x300.jpg 200w, https:\/\/vsgrossenzersdorf.ac.at\/wp-content\/uploads\/2025\/01\/19-40x60.jpg 40w, https:\/\/vsgrossenzersdorf.ac.at\/wp-content\/uploads\/2025\/01\/19.jpg 511w\" sizes=\"auto, (max-width: 200px) 100vw, 200px\" \/><\/a>\r\n    \t\t<\/div>\r\n    \t\t\t<figcaption class='wp-caption-text gallery-caption' id='gallery-1-2820'>\r\n    \t\t\tBernhard Mandl, BEd., Froschgruppe\r\n    \t\t\t<\/figcaption><\/figure><figure class='gallery-item'>\r\n    \t\t<div class='gallery-icon portrait'>\r\n    \t\t\t<a href='https:\/\/vsgrossenzersdorf.ac.at\/?attachment_id=2978'><img loading=\"lazy\" decoding=\"async\" width=\"200\" height=\"300\" src=\"https:\/\/vsgrossenzersdorf.ac.at\/wp-content\/uploads\/2025\/11\/28480417-200x300.jpg\" class=\"attachment-medium size-medium\" alt=\"\" aria-describedby=\"gallery-1-2978\" srcset=\"https:\/\/vsgrossenzersdorf.ac.at\/wp-content\/uploads\/2025\/11\/28480417-200x300.jpg 200w, https:\/\/vsgrossenzersdorf.ac.at\/wp-content\/uploads\/2025\/11\/28480417-683x1024.jpg 683w, https:\/\/vsgrossenzersdorf.ac.at\/wp-content\/uploads\/2025\/11\/28480417-768x1152.jpg 768w, https:\/\/vsgrossenzersdorf.ac.at\/wp-content\/uploads\/2025\/11\/28480417-1024x1536.jpg 1024w, https:\/\/vsgrossenzersdorf.ac.at\/wp-content\/uploads\/2025\/11\/28480417-1365x2048.jpg 1365w, https:\/\/vsgrossenzersdorf.ac.at\/wp-content\/uploads\/2025\/11\/28480417-40x60.jpg 40w, https:\/\/vsgrossenzersdorf.ac.at\/wp-content\/uploads\/2025\/11\/28480417-scaled.jpg 1707w\" sizes=\"auto, (max-width: 200px) 100vw, 200px\" \/><\/a>\r\n    \t\t<\/div>\r\n    \t\t\t<figcaption class='wp-caption-text gallery-caption' id='gallery-1-2978'>\r\n    \t\t\tRomana Kaiser, B\u00e4rengruppe\r\n    \t\t\t<\/figcaption><\/figure><figure class='gallery-item'>\r\n    \t\t<div class='gallery-icon portrait'>\r\n    \t\t\t<a href='https:\/\/vsgrossenzersdorf.ac.at\/?attachment_id=2972'><img loading=\"lazy\" decoding=\"async\" width=\"200\" height=\"300\" src=\"https:\/\/vsgrossenzersdorf.ac.at\/wp-content\/uploads\/2025\/11\/28480408-200x300.jpg\" class=\"attachment-medium size-medium\" alt=\"\" aria-describedby=\"gallery-1-2972\" srcset=\"https:\/\/vsgrossenzersdorf.ac.at\/wp-content\/uploads\/2025\/11\/28480408-200x300.jpg 200w, https:\/\/vsgrossenzersdorf.ac.at\/wp-content\/uploads\/2025\/11\/28480408-683x1024.jpg 683w, https:\/\/vsgrossenzersdorf.ac.at\/wp-content\/uploads\/2025\/11\/28480408-768x1152.jpg 768w, https:\/\/vsgrossenzersdorf.ac.at\/wp-content\/uploads\/2025\/11\/28480408-1024x1536.jpg 1024w, https:\/\/vsgrossenzersdorf.ac.at\/wp-content\/uploads\/2025\/11\/28480408-1365x2048.jpg 1365w, https:\/\/vsgrossenzersdorf.ac.at\/wp-content\/uploads\/2025\/11\/28480408-40x60.jpg 40w, https:\/\/vsgrossenzersdorf.ac.at\/wp-content\/uploads\/2025\/11\/28480408-scaled.jpg 1707w\" sizes=\"auto, (max-width: 200px) 100vw, 200px\" \/><\/a>\r\n    \t\t<\/div>\r\n    \t\t\t<figcaption class='wp-caption-text gallery-caption' id='gallery-1-2972'>\r\n    \t\t\tLaura Rad, Zebragruppe\r\n    \t\t\t<\/figcaption><\/figure><figure class='gallery-item'>\r\n    \t\t<div class='gallery-icon portrait'>\r\n    \t\t\t<a href='https:\/\/vsgrossenzersdorf.ac.at\/?attachment_id=2979'><img loading=\"lazy\" decoding=\"async\" width=\"200\" height=\"300\" src=\"https:\/\/vsgrossenzersdorf.ac.at\/wp-content\/uploads\/2025\/11\/28480418-200x300.jpg\" class=\"attachment-medium size-medium\" alt=\"\" aria-describedby=\"gallery-1-2979\" srcset=\"https:\/\/vsgrossenzersdorf.ac.at\/wp-content\/uploads\/2025\/11\/28480418-200x300.jpg 200w, https:\/\/vsgrossenzersdorf.ac.at\/wp-content\/uploads\/2025\/11\/28480418-683x1024.jpg 683w, https:\/\/vsgrossenzersdorf.ac.at\/wp-content\/uploads\/2025\/11\/28480418-768x1152.jpg 768w, https:\/\/vsgrossenzersdorf.ac.at\/wp-content\/uploads\/2025\/11\/28480418-1024x1536.jpg 1024w, https:\/\/vsgrossenzersdorf.ac.at\/wp-content\/uploads\/2025\/11\/28480418-1365x2048.jpg 1365w, https:\/\/vsgrossenzersdorf.ac.at\/wp-content\/uploads\/2025\/11\/28480418-40x60.jpg 40w, https:\/\/vsgrossenzersdorf.ac.at\/wp-content\/uploads\/2025\/11\/28480418-scaled.jpg 1707w\" sizes=\"auto, (max-width: 200px) 100vw, 200px\" \/><\/a>\r\n    \t\t<\/div>\r\n    \t\t\t<figcaption class='wp-caption-text gallery-caption' id='gallery-1-2979'>\r\n    \t\t\tTamara Jevremovic, Fledermausgruppe\r\n    \t\t\t<\/figcaption><\/figure><figure class='gallery-item'>\r\n    \t\t<div class='gallery-icon portrait'>\r\n    \t\t\t<a href='https:\/\/vsgrossenzersdorf.ac.at\/?attachment_id=2974'><img loading=\"lazy\" decoding=\"async\" width=\"200\" height=\"300\" src=\"https:\/\/vsgrossenzersdorf.ac.at\/wp-content\/uploads\/2025\/11\/28480411-200x300.jpg\" class=\"attachment-medium size-medium\" alt=\"\" aria-describedby=\"gallery-1-2974\" srcset=\"https:\/\/vsgrossenzersdorf.ac.at\/wp-content\/uploads\/2025\/11\/28480411-200x300.jpg 200w, https:\/\/vsgrossenzersdorf.ac.at\/wp-content\/uploads\/2025\/11\/28480411-683x1024.jpg 683w, https:\/\/vsgrossenzersdorf.ac.at\/wp-content\/uploads\/2025\/11\/28480411-768x1152.jpg 768w, https:\/\/vsgrossenzersdorf.ac.at\/wp-content\/uploads\/2025\/11\/28480411-1024x1536.jpg 1024w, https:\/\/vsgrossenzersdorf.ac.at\/wp-content\/uploads\/2025\/11\/28480411-1365x2048.jpg 1365w, https:\/\/vsgrossenzersdorf.ac.at\/wp-content\/uploads\/2025\/11\/28480411-40x60.jpg 40w, https:\/\/vsgrossenzersdorf.ac.at\/wp-content\/uploads\/2025\/11\/28480411-scaled.jpg 1707w\" sizes=\"auto, (max-width: 200px) 100vw, 200px\" \/><\/a>\r\n    \t\t<\/div>\r\n    \t\t\t<figcaption class='wp-caption-text gallery-caption' id='gallery-1-2974'>\r\n    \t\t\tLisa Harrer, Eulengruppe\r\n    \t\t\t<\/figcaption><\/figure><figure class='gallery-item'>\r\n    \t\t<div class='gallery-icon portrait'>\r\n    \t\t\t<a href='https:\/\/vsgrossenzersdorf.ac.at\/?attachment_id=2975'><img loading=\"lazy\" decoding=\"async\" width=\"200\" height=\"300\" src=\"https:\/\/vsgrossenzersdorf.ac.at\/wp-content\/uploads\/2025\/11\/28480412-200x300.jpg\" class=\"attachment-medium size-medium\" alt=\"\" srcset=\"https:\/\/vsgrossenzersdorf.ac.at\/wp-content\/uploads\/2025\/11\/28480412-200x300.jpg 200w, https:\/\/vsgrossenzersdorf.ac.at\/wp-content\/uploads\/2025\/11\/28480412-683x1024.jpg 683w, https:\/\/vsgrossenzersdorf.ac.at\/wp-content\/uploads\/2025\/11\/28480412-768x1152.jpg 768w, https:\/\/vsgrossenzersdorf.ac.at\/wp-content\/uploads\/2025\/11\/28480412-1024x1536.jpg 1024w, https:\/\/vsgrossenzersdorf.ac.at\/wp-content\/uploads\/2025\/11\/28480412-1365x2048.jpg 1365w, https:\/\/vsgrossenzersdorf.ac.at\/wp-content\/uploads\/2025\/11\/28480412-40x60.jpg 40w, https:\/\/vsgrossenzersdorf.ac.at\/wp-content\/uploads\/2025\/11\/28480412-scaled.jpg 1707w\" sizes=\"auto, (max-width: 200px) 100vw, 200px\" \/><\/a>\r\n    \t\t<\/div><\/figure><figure class='gallery-item'>\r\n    \t\t<div class='gallery-icon portrait'>\r\n    \t\t\t<a href='https:\/\/vsgrossenzersdorf.ac.at\/?attachment_id=2973'><img loading=\"lazy\" decoding=\"async\" width=\"200\" height=\"300\" src=\"https:\/\/vsgrossenzersdorf.ac.at\/wp-content\/uploads\/2025\/11\/28480410-200x300.jpg\" class=\"attachment-medium size-medium\" alt=\"\" aria-describedby=\"gallery-1-2973\" srcset=\"https:\/\/vsgrossenzersdorf.ac.at\/wp-content\/uploads\/2025\/11\/28480410-200x300.jpg 200w, https:\/\/vsgrossenzersdorf.ac.at\/wp-content\/uploads\/2025\/11\/28480410-683x1024.jpg 683w, https:\/\/vsgrossenzersdorf.ac.at\/wp-content\/uploads\/2025\/11\/28480410-768x1152.jpg 768w, https:\/\/vsgrossenzersdorf.ac.at\/wp-content\/uploads\/2025\/11\/28480410-1024x1536.jpg 1024w, https:\/\/vsgrossenzersdorf.ac.at\/wp-content\/uploads\/2025\/11\/28480410-1365x2048.jpg 1365w, https:\/\/vsgrossenzersdorf.ac.at\/wp-content\/uploads\/2025\/11\/28480410-40x60.jpg 40w, https:\/\/vsgrossenzersdorf.ac.at\/wp-content\/uploads\/2025\/11\/28480410-scaled.jpg 1707w\" sizes=\"auto, (max-width: 200px) 100vw, 200px\" \/><\/a>\r\n    \t\t<\/div>\r\n    \t\t\t<figcaption class='wp-caption-text gallery-caption' id='gallery-1-2973'>\r\n    \t\t\tJennifer M\u00fcller, Dinogruppe\r\n    \t\t\t<\/figcaption><\/figure><figure class='gallery-item'>\r\n    \t\t<div class='gallery-icon portrait'>\r\n    \t\t\t<a href='https:\/\/vsgrossenzersdorf.ac.at\/?attachment_id=2982'><img loading=\"lazy\" decoding=\"async\" width=\"200\" height=\"300\" src=\"https:\/\/vsgrossenzersdorf.ac.at\/wp-content\/uploads\/2025\/11\/28480420-200x300.jpg\" class=\"attachment-medium size-medium\" alt=\"\" aria-describedby=\"gallery-1-2982\" srcset=\"https:\/\/vsgrossenzersdorf.ac.at\/wp-content\/uploads\/2025\/11\/28480420-200x300.jpg 200w, https:\/\/vsgrossenzersdorf.ac.at\/wp-content\/uploads\/2025\/11\/28480420-683x1024.jpg 683w, https:\/\/vsgrossenzersdorf.ac.at\/wp-content\/uploads\/2025\/11\/28480420-768x1152.jpg 768w, https:\/\/vsgrossenzersdorf.ac.at\/wp-content\/uploads\/2025\/11\/28480420-1024x1536.jpg 1024w, https:\/\/vsgrossenzersdorf.ac.at\/wp-content\/uploads\/2025\/11\/28480420-1365x2048.jpg 1365w, https:\/\/vsgrossenzersdorf.ac.at\/wp-content\/uploads\/2025\/11\/28480420-40x60.jpg 40w, https:\/\/vsgrossenzersdorf.ac.at\/wp-content\/uploads\/2025\/11\/28480420-scaled.jpg 1707w\" sizes=\"auto, (max-width: 200px) 100vw, 200px\" \/><\/a>\r\n    \t\t<\/div>\r\n    \t\t\t<figcaption class='wp-caption-text gallery-caption' id='gallery-1-2982'>\r\n    \t\t\tDominik Djurak, Gruppenspringer\r\n    \t\t\t<\/figcaption><\/figure>\r\n    \t<\/div>\n\n<\/div>\n<p>&nbsp;<\/p>\n","protected":false},"excerpt":{"rendered":"<p>Was unser Team besonders macht Unser Freizeitteam zeichnet sich durch viele Merkmale aus: Kreativit\u00e4t und Flexibilit\u00e4t Empathie und Einf\u00fchlungsverm\u00f6gen Spontaneit\u00e4t Teamgeist und Zusammenarbeit Vielf\u00e4ltige Kompetenzen: &hellip; <\/p>\n","protected":false},"author":2,"featured_media":0,"parent":0,"menu_order":0,"comment_status":"closed","ping_status":"closed","template":"","meta":{"footnotes":""},"class_list":["post-199","page","type-page","status-publish","hentry"],"_links":{"self":[{"href":"https:\/\/vsgrossenzersdorf.ac.at\/index.php?rest_route=\/wp\/v2\/pages\/199","targetHints":{"allow":["GET"]}}],"collection":[{"href":"https:\/\/vsgrossenzersdorf.ac.at\/index.php?rest_route=\/wp\/v2\/pages"}],"about":[{"href":"https:\/\/vsgrossenzersdorf.ac.at\/index.php?rest_route=\/wp\/v2\/types\/page"}],"author":[{"embeddable":true,"href":"https:\/\/vsgrossenzersdorf.ac.at\/index.php?rest_route=\/wp\/v2\/users\/2"}],"replies":[{"embeddable":true,"href":"https:\/\/vsgrossenzersdorf.ac.at\/index.php?rest_route=%2Fwp%2Fv2%2Fcomments&post=199"}],"version-history":[{"count":36,"href":"https:\/\/vsgrossenzersdorf.ac.at\/index.php?rest_route=\/wp\/v2\/pages\/199\/revisions"}],"predecessor-version":[{"id":2983,"href":"https:\/\/vsgrossenzersdorf.ac.at\/index.php?rest_route=\/wp\/v2\/pages\/199\/revisions\/2983"}],"wp:attachment":[{"href":"https:\/\/vsgrossenzersdorf.ac.at\/index.php?rest_route=%2Fwp%2Fv2%2Fmedia&parent=199"}],"curies":[{"name":"wp","href":"https:\/\/api.w.org\/{rel}","templated":true}]}}